{"id":3677,"date":"2025-10-29T08:30:09","date_gmt":"2025-10-29T08:30:09","guid":{"rendered":"https:\/\/pro.barestho.com\/?page_id=3677"},"modified":"2026-03-02T14:40:36","modified_gmt":"2026-03-02T14:40:36","slug":"confidentialite","status":"publish","type":"page","link":"https:\/\/pro.barestho.com\/nl\/confidentialite\/","title":{"rendered":"Privacybeleid"},"content":{"rendered":"<div data-elementor-type=\"wp-page\" data-elementor-id=\"3677\" class=\"elementor elementor-3677\" data-elementor-post-type=\"page\">\n\t\t\t\t<div class=\"elementor-element elementor-element-102208d e-flex e-con-boxed e-con e-parent\" data-id=\"102208d\" data-element_type=\"container\" data-e-type=\"container\">\n\t\t\t\t\t<div class=\"e-con-inner\">\n\t\t\t\t<div class=\"elementor-element elementor-element-8d9572a elementor-widget elementor-widget-heading\" data-id=\"8d9572a\" data-element_type=\"widget\" data-e-type=\"widget\" data-widget_type=\"heading.default\">\n\t\t\t\t\t<h2 class=\"elementor-heading-title elementor-size-default\">Privacybeleid<\/h2>\t\t\t\t<\/div>\n\t\t\t\t<div class=\"elementor-element elementor-element-e3c8443 elementor-widget elementor-widget-text-editor\" data-id=\"e3c8443\" data-element_type=\"widget\" data-e-type=\"widget\" data-widget_type=\"text-editor.default\">\n\t\t\t\t\t\t\t\t\t<p><span style=\"font-weight: bolder; color: #dc0044;\"><u>Objet<\/u><\/span><\/p><p>La pr\u00e9sente politique est \u00e9tablie par Barestho SRL situ\u00e9e Avenue de la Bourgogne, 96 \u00e0 7700 Mouscron, reprise sous le num\u00e9ro d\u2019inscription 0740.454.745 (ci-apr\u00e8s d\u00e9nomm\u00e9e \u00ab le responsable du traitement).<\/p><p>L\u2019objet de la pr\u00e9sente politique est d\u2019informer les visiteurs du site web h\u00e9berg\u00e9 \u00e0 l\u2019adresse www.barestho.com (ci-apr\u00e8s d\u00e9nomm\u00e9 le \u00ab site web \u00bb) de la mani\u00e8re dont les donn\u00e9es sont r\u00e9colt\u00e9es et trait\u00e9es par le responsable du traitement.<\/p><p>La pr\u00e9sente politique s\u2019inscrit dans le souhait du responsable du traitement, d\u2019agir en tout transparence, dans le respect de ses dispositions nationales et du r\u00e8glement (UE) 2016\/679 du Parlement Europ\u00e9en et du conseil du 27 avril 2016 relatif \u00e0 la protection des personnes physiques \u00e0 l\u2019\u00e9gard du traitement des donn\u00e9es \u00e0 caract\u00e8re personnel et \u00e0 la libre circulation de ces donn\u00e9es et abrogeant la directive 95\/46\/CE (ci-apr\u00e8s d\u00e9nomm\u00e9 le \u00ab r\u00e8glement g\u00e9n\u00e9ral sur la protection des donn\u00e9es \u00bb).<\/p><p>Le responsable du traitement porte une attention particuli\u00e8re \u00e0 la protection de la vie priv\u00e9e de ses utilisateurs et s\u2019engage par cons\u00e9quent \u00e0 prendre les pr\u00e9cautions raisonnables requises pour prot\u00e9ger les donn\u00e9es \u00e0 caract\u00e8re personnel r\u00e9colt\u00e9es contre la perte, le vol, la divulgation ou l\u2019utilisation non autoris\u00e9e.<\/p><p>Les \u00ab donn\u00e9es \u00e0 caract\u00e8re personnel \u00bb sont d\u00e9finies comme toutes les donn\u00e9es \u00e0 caract\u00e8re personnel qui concernent l\u2019utilisateur. C\u2019est \u00e0 dire toute information qui permet de l\u2019identifier directement ou indirectement en tant que personne physique. Si l\u2019utilisateur souhaite r\u00e9agir \u00e0 l\u2019une des pratiques d\u00e9crites ci-apr\u00e8s, il peut contacter le responsable de traitement \u00e0 l\u2019adresse postale ou \u00e0 l\u2019adresse e-mail pr\u00e9cis\u00e9es au point \u00ab donn\u00e9es de contact \u00bb de la pr\u00e9sente politique.<\/p><p>\u00a0<\/p><h6><span style=\"text-decoration: underline;\"><span style=\"color: #dc0044; text-decoration: underline;\"><strong>Quelles donn\u00e9es collectons-nous ?<\/strong><\/span><\/span><\/h6><h6><span style=\"font-size: 1rem; color: inherit; font-family: inherit;\">Les responsables du traitement recueillent et traitent, selon les modalit\u00e9s et principes d\u00e9crits ci-apr\u00e8s, les donn\u00e9es \u00e0 caract\u00e8re personnel suivantes :<\/span><\/h6><p><span style=\"font-size: 14px;\">Son domaine (d\u00e9tect\u00e9 automatiquement par le serveur du responsable du traitement), y compris l\u2019adresse IP dynamique.<\/span><\/p><ul><li>L\u2019ensemble de l\u2019information concernant les pages que l\u2019utilisateur a consult\u00e9es sur le site web.<\/li><li>Toute information que l\u2019utilisateur a donn\u00e9 volontairement, par exemple en compl\u00e9tant le formulaire de contact.<\/li><li>Il est possible que le responsable du traitement soit \u00e9galement amen\u00e9 \u00e0 r\u00e9colter des donn\u00e9es \u00e0 caract\u00e8re non personnel. Ces donn\u00e9es sont qualifi\u00e9es de donn\u00e9es \u00e0 caract\u00e8re non personnel car elles ne permettent pas d\u2019identifier directement ou indirectement une personne en particulier. Elles pourront d\u00e8s lors \u00eatre utilis\u00e9es \u00e0 quelques fins que ce soit, par exemple pour am\u00e9liorer le site web, les produits et services propos\u00e9s ou les publicit\u00e9s du responsable du traitement.<\/li><\/ul><p>Dans l\u2019hypoth\u00e8se ou des donn\u00e9es \u00e0 caract\u00e8re non personnel seraient combin\u00e9es \u00e0 des donn\u00e9es \u00e0 caract\u00e8re personnel, de sorte qu\u2019une identification des personnes concern\u00e9es serait possible, ces donn\u00e9es seront trait\u00e9es comme des donn\u00e9es \u00e0 caract\u00e8re personnel jusqu\u2019\u00e0 ce que leur rapprochement avec une personne particuli\u00e8re soit rendu impossible.<\/p><p>\u00a0<\/p><h6><span style=\"text-decoration: underline;\"><span style=\"color: #dc0044; text-decoration: underline;\"><strong>M\u00e9thodes de collecte<\/strong><\/span><\/span><\/h6><h6><span style=\"font-size: 1rem;\">Le responsable du traitement r\u00e9colte les donn\u00e9es \u00e0 caract\u00e8re personnel lorsque l\u2019utilisateur compl\u00e8te le formulaire de contact.<\/span><\/h6><h6><span style=\"font-size: 1rem;\">\u00a0<\/span><\/h6><h6><span style=\"text-decoration: underline;\"><span style=\"color: #dc0044; text-decoration: underline;\"><strong>Finalit\u00e9 du traitement<\/strong><\/span><\/span><\/h6><h6><span style=\"font-size: 1rem;\">Les donn\u00e9es \u00e0 caract\u00e8re personnel ne sont recueillies et trait\u00e9es qu\u2019aux seules fins mentionn\u00e9es ci-dessous :<\/span><span style=\"font-size: 14px;\">\u00a0<\/span><\/h6><ul><li>Assurer la gestion et le contr\u00f4le de l\u2019ex\u00e9cution des services propos\u00e9s.<\/li><li>Envoi et suivi des commandes et facturations.<\/li><li>Envoi d\u2019informations promotionnelles sur les produits et services du responsable du traitement.<\/li><li>Envoi de mat\u00e9riel promotionnel.<\/li><li>R\u00e9pondre aux questions de l\u2019utilisateur.<\/li><li>R\u00e9aliser des statistiques.<\/li><li>Am\u00e9liorer la qualit\u00e9 du site web et des produits et services du responsable du traitement.<\/li><li>Transmettre des informations sur des nouveaux produits et services du responsable du traitement.<\/li><li>En vue d\u2019actions de prospection commerciales.<\/li><\/ul><p>Le responsable du traitement pourrait \u00eatre amen\u00e9 \u00e0 effectuer des traitements qui ne sont pas encore pr\u00e9vus dans la pr\u00e9sente politique. Dans ce cas, il contactera l\u2019utilisateur avant de r\u00e9utiliser ses donn\u00e9es \u00e0 caract\u00e8re personnel afin de lui faire conna\u00eetre les changements et lui donner la possibilit\u00e9, le cas \u00e9ch\u00e9ant, de refuser cette r\u00e9utilisation.<\/p><p>\u00a0<\/p><h6><span style=\"text-decoration: underline; color: #dc0044;\"><strong>Int\u00e9r\u00eats l\u00e9gitimes<\/strong><\/span><\/h6><h6><span style=\"font-size: 14px;\">Certains traitements effectu\u00e9s par le responsable de traitement sont fond\u00e9s sur la base l\u00e9gale des int\u00e9r\u00eats l\u00e9gitimes de celui-ci. Ces int\u00e9r\u00eats l\u00e9gitimes sont proportionn\u00e9s par rapport au respect des droits et libert\u00e9s de l\u2019utilisateur. SI l\u2019utilisateur souhaite \u00eatre inform\u00e9 du d\u00e9tail des finalit\u00e9s fond\u00e9es sur la base l\u00e9gale des int\u00e9r\u00eats l\u00e9gitimes, il lui est recommand\u00e9 de prendre contact avec le responsable de traitement (voir point relatif aux \u00ab donn\u00e9es de contact \u00bb).<\/span><\/h6><h6><span style=\"font-size: 14px;\">\u00a0<\/span><\/h6><h6><span style=\"text-decoration: underline;\"><span style=\"color: #dc0044; text-decoration: underline;\"><strong>Dur\u00e9e de conservation<\/strong><\/span><\/span><\/h6><h6><span style=\"font-size: 1rem;\">De mani\u00e8re g\u00e9n\u00e9rale, le responsable du traitement ne conserve les donn\u00e9es \u00e0 caract\u00e8re personnel que pendant le temps raisonnablement n\u00e9cessaire aux finalit\u00e9s poursuivies et en accord avec les exigences l\u00e9gales et r\u00e9glementaires.<\/span><\/h6><p>Les donn\u00e9es \u00e0 caract\u00e8re personnel d\u2019un client sont conserv\u00e9es au maximum 10 ans apr\u00e8s la fin de la relation contractuelle qui lie ce client au responsable du traitement.<\/p><p>Au terme de l\u2019\u00e9coulement de la p\u00e9riode de conservation, le responsable du traitement met tout en \u0153uvre pour s\u2019assurer que les donn\u00e9es personnelles ont bien \u00e9t\u00e9 rendues indisponibles et inaccessibles.<\/p><p>\u00a0<\/p><h6><span style=\"text-decoration: underline; color: #dc0044;\"><strong>Application des droits<\/strong><\/span><\/h6><h6><span style=\"font-size: 1rem;\">Pour tous les droits repris ci-apr\u00e8s, le responsable de traitement se r\u00e9serve le droit de v\u00e9rifier l\u2019identit\u00e9 de l\u2019utilisateur pour l\u2019application des droits repris ci-apr\u00e8s.<\/span><\/h6><p>Cette demande d\u2019information suppl\u00e9mentaire se fera dans un d\u00e9lai d\u2019un mois \u00e0 partir de l\u2019introduction de la demande par l\u2019utilisateur.<\/p><p>\u00a0<\/p><h6><span style=\"text-decoration: underline;\"><span style=\"color: #dc0044; text-decoration: underline;\"><strong>Acc\u00e8s aux donn\u00e9es et copie<\/strong><\/span><\/span><\/h6><p>L\u2019utilisateur peut obtenir gratuitement la communication \u00e9crite ou une copie des donn\u00e9es \u00e0 caract\u00e8re personnel le concernant qui ont \u00e9t\u00e9 recueillies.<\/p><p>Le responsable du traitement peut exiger le paiement de frais raisonnables bas\u00e9s sur les co\u00fbts administratifs pour toute copie suppl\u00e9mentaire demand\u00e9e par l\u2019utilisateur. Lorsque l\u2019utilisateur introduit cette demande par voie \u00e9lectronique, les informations sont fournies sous une forme \u00e9lectronique d\u2019usage courant \u00e0 moins que l\u2019utilisateur ne demande qu\u2019il en soit autrement.<\/p><p>Sauf exception pr\u00e9vue par le r\u00e8glement g\u00e9n\u00e9ral sur la protection des donn\u00e9es, la copie de ses donn\u00e9es sera communiqu\u00e9e \u00e0 l\u2019utilisateur au plus tard dans le mois apr\u00e8s la r\u00e9ception de la demande.<\/p><p>\u00a0<\/p><h6><span style=\"text-decoration: underline; color: #dc0044;\"><strong>Droit de rectification<\/strong><\/span><\/h6><h6><span style=\"font-size: 1rem;\">L\u2019utilisateur peut obtenir gratuitement, dans les meilleurs d\u00e9lais et au plus tard dans un d\u00e9lai d\u2019un mois, la rectification de ses donn\u00e9es \u00e0 caract\u00e8re personnel qui seraient inexactes, incompl\u00e8tes ou non pertinentes ainsi que les compl\u00e9ter si elles s\u2019av\u00e8rent incompl\u00e8tes.<\/span><\/h6><p>Sauf exception pr\u00e9vue par le r\u00e8glement g\u00e9n\u00e9ral sur la protection des donn\u00e9es, la demande d\u2019application du droit \u00e0 la rectification est trait\u00e9e dans le mois de l\u2019introduction de celle-ci.<\/p><p>\u00a0<\/p><h6><span style=\"text-decoration: underline;\"><span style=\"color: #dc0044; text-decoration: underline;\"><strong>Droit de s\u2019opposer au traitement<\/strong><\/span><\/span><\/h6><h6><span style=\"font-size: 1rem;\">L\u2019utilisateur peut \u00e0 tout moment, pour des raisons tenant \u00e0 sa situation particuli\u00e8re, s\u2019opposer gratuitement au traitement de ses donn\u00e9es \u00e0 caract\u00e8re personnel lorsque :<\/span><\/h6><ul><li>Le traitement est n\u00e9cessaire \u00e0 l\u2019ex\u00e9cution d\u2019une mission d\u2019int\u00e9r\u00eat public ou relevant de l\u2019exercice de l\u2019autorit\u00e9 publique dont serait investi le responsable du traitement.<\/li><li>Le traitement est n\u00e9cessaire aux fins des int\u00e9r\u00eats l\u00e9gitimes poursuivis par le responsable du traitement ou par un tiers, \u00e0 moins que ne pr\u00e9valent les int\u00e9r\u00eats ou les libert\u00e9s et droits fondamentaux de la personne concern\u00e9e qui exigent une protection des donn\u00e9es \u00e0 caract\u00e8re personnel.<\/li><\/ul><p>Le responsable du traitement pourra refuser de mettre en \u0153uvre le droit d\u2019opposition de l\u2019utilisateur lorsqu\u2019il \u00e9tablit l\u2019existence de motifs imp\u00e9rieux et l\u00e9gitimes justifiant le traitement, qui priment les int\u00e9r\u00eats ou les droits et les libert\u00e9s de l\u2019utilisateur, ou pour la constatation, l\u2019exercice ou la d\u00e9fense d\u2019un droit en justice. En cas de contestation, l\u2019utilisateur peut introduire un recours conform\u00e9ment au point \u00ab r\u00e9clamation et plainte \u00bb de la pr\u00e9sente politique.<\/p><p>L\u2019utilisateur peut \u00e9galement, \u00e0 tout moment, s\u2019oppose, sans justification et gratuitement, au traitement des donn\u00e9es \u00e0 caract\u00e8re personnel le concernant lorsque ses donn\u00e9es sont collect\u00e9es \u00e0 des fins de prospection commerciale.<\/p><p>Lorsque des donn\u00e9es \u00e0 caract\u00e8re personnel sont trait\u00e9es \u00e0 des fins de recherche scientifique ou historique ou \u00e0 des fins statistiques conform\u00e9ment au r\u00e8glement g\u00e9n\u00e9ral sur la protection des donn\u00e9es, l\u2019utilisateur a le droit de s\u2019opposer, pour des raisons tenant \u00e0 sa situation particuli\u00e8re, au traitement de donn\u00e9es \u00e0 caract\u00e8re personnel le concernant, \u00e0 moins que le traitement ne soit n\u00e9cessaire \u00e0 l\u2019ex\u00e9cution d\u2019une mission d\u2019int\u00e9r\u00eat public.<\/p><p>Sauf exception pr\u00e9vue par le r\u00e8glement g\u00e9n\u00e9ral sur la protection des donn\u00e9es, le responsable du traitement est tenu de r\u00e9pondre \u00e0 la demande de l\u2019utilisateur dans les meilleurs d\u00e9lais et au plus tard dans un d\u00e9lai d\u2019un mois et de motiver sa r\u00e9ponse lorsqu\u2019il a l\u2019intention de ne pas donner suite \u00e0 une telle demande.<\/p><p>\u00a0<\/p><h6><span style=\"text-decoration: underline;\"><span style=\"color: #dc0044; text-decoration: underline;\"><strong>Droit \u00e0 la limitation du traitement<\/strong><\/span><\/span><\/h6><h6><span style=\"font-size: 14px;\">L\u2019utilisateur peut obtenir la limitation du traitement de ses donn\u00e9es \u00e0 caract\u00e8re personnel dans les cas \u00e9num\u00e9r\u00e9s ci-apr\u00e8s :<\/span><\/h6><ul><li>Lorsque l\u2019utilisateur conteste l\u2019exactitude d\u2019une donn\u00e9e et uniquement le temps que le responsable du traitement puisse contr\u00f4ler celle-ci.<\/li><li>Lorsque le traitement est illicite et que l\u2019utilisateur pr\u00e9f\u00e8re la limitation du traitement \u00e0 l\u2019effacement.<\/li><li>Lorsque, bien que n\u2019\u00e9tant plus n\u00e9cessaire \u00e0 la poursuite des finalit\u00e9s du traitement, l\u2019utilisateur en a besoin pour la constatation, l\u2019exercice ou a d\u00e9fense de ses droits en justice.<\/li><li>Pendant le temps n\u00e9cessaire \u00e0 l\u2019examen du caract\u00e8re fond\u00e9 d\u2019une demande d\u2019opposition introduite par l\u2019utilisateur, en d\u2019autres termes le temps que le responsable du traitement proc\u00e8de \u00e0 la v\u00e9rification de la balance des int\u00e9r\u00eats entre les int\u00e9r\u00eats l\u00e9gitimes du responsable du traitement et ceux de l\u2019utilisateur.<\/li><\/ul><p><span style=\"font-size: 14px;\">Le responsable du traitement informera l\u2019utilisateur lorsque la limitation du traitement est lev\u00e9e.<\/span><\/p><p><span style=\"font-size: 14px;\">\u00a0<\/span><\/p><h6><span style=\"text-decoration: underline;\"><span style=\"color: #dc0044; text-decoration: underline;\"><strong>Droit \u00e0 l\u2019effacement (droit \u00e0 l\u2019oubli)<\/strong><\/span><\/span><\/h6><p>L\u2019utilisateur peut obtenir l\u2019effacement des donn\u00e9es \u00e0 caract\u00e8re personnel le concernant, lorsque l\u2019un des motifs suivants s\u2019applique :<\/p><p><span style=\"font-size: 14px;\">Les donn\u00e9es ne sont plus n\u00e9cessaires au regard des finalit\u00e9s du traitement.<\/span><\/p><ul><li>L\u2019utilisateur a retir\u00e9 son consentement \u00e0 ce que ses donn\u00e9es soient trait\u00e9es et il n\u2019existe par d\u2019autre fondement juridique au traitement.<\/li><li>L\u2019utilisateur s\u2019oppose au traitement et il n\u2019existe pas de motif l\u00e9gitime imp\u00e9rieux pour le traitement et\/ou l\u2019utilisateur exerce son droit sp\u00e9cifique d\u2019opposition en mati\u00e8re de marketing direct.<\/li><li>Les donn\u00e9es \u00e0 caract\u00e8re personnel ont fait l\u2019objet d\u2019un traitement illicite.<\/li><li>Les donn\u00e9es \u00e0 caract\u00e8re personnel doivent \u00eatre effac\u00e9es pour respecter une obligation l\u00e9gale (du droit de l\u2019union ou du droit de l\u2019\u00c9tat membre) auquel le responsable du traitement est soumis.<\/li><li>Les donn\u00e9es \u00e0 caract\u00e8re personnel ont \u00e9t\u00e9 collect\u00e9es dans le cadre de l\u2019offre de services de la soci\u00e9t\u00e9 de l\u2019information qui s\u2019adressent aux enfants.<\/li><\/ul><p>L\u2019effacement des donn\u00e9es n\u2019est toutefois pas applicable dans les cas suivants :<\/p><ul><li>Lorsque le traitement est n\u00e9cessaire \u00e0 l\u2019exercice du droit \u00e0 la libert\u00e9 d\u2019expression et d\u2019information.<\/li><li>Lorsque le traitement est n\u00e9cessaire pour respecter une obligation l\u00e9gale qui requiert le traitement pr\u00e9vu par le droit de l\u2019union ou par le droit de l\u2019\u00c9tat membre auquel le responsable du traitement est soumis, ou pour ex\u00e9cuter une mission d\u2019int\u00e9r\u00eat public ou relevant de l\u2019exercice de l\u2019autorit\u00e9 publique dont serait investi le responsable.<\/li><li>Lorsque le traitement est n\u00e9cessaire pour des motifs d\u2019int\u00e9r\u00eats publics dans le domaine de la sant\u00e9 publique.<\/li><li>Lorsque le traitement est n\u00e9cessaire \u00e0 des fins archivistiques dans l\u2019int\u00e9r\u00eat public, \u00e0 des fins de recherche scientifique ou historique ou \u00e0 des fins statistiques et pour autant que le droit \u00e0 l\u2019effacement soit susceptible de rendre impossible ou de compromettre gravement la r\u00e9alisation des objectifs du traitement en question.<\/li><li>Lorsque le traitement est n\u00e9cessaire \u00e0 la constatation, \u00e0 l\u2019exercice ou \u00e0 la d\u00e9fense de droits en justice.<\/li><\/ul><p>Sauf exception pr\u00e9vue par le r\u00e8glement g\u00e9n\u00e9ral sur la protection des donn\u00e9es, le responsable du traitement est tenu de r\u00e9pondre \u00e0 la demande de l\u2019utilisateur dans les meilleurs d\u00e9lais et au plus tard dans un d\u00e9lai d\u2019un mois et de motiver sa r\u00e9ponse lorsqu\u2019il a l\u2019intention de ne pas donner de suite \u00e0 une telle demande.<\/p><p>\u00a0<\/p><h6><span style=\"text-decoration: underline;\"><span style=\"color: #dc0044; text-decoration: underline;\"><strong>Droit \u00e0 la \u00ab portabilit\u00e9 des donn\u00e9es \u00bb<\/strong><\/span><\/span><\/h6><h6><span style=\"font-size: 1rem;\">L\u2019utilisateur peut \u00e0 tout moment, demander de recevoir gratuitement ses donn\u00e9es \u00e0 caract\u00e8re personnel dans un format structur\u00e9, couramment utilis\u00e9 et lisible par machine, en vue notamment de les transmettre \u00e0 un autre responsable du traitement lorsque le traitement de donn\u00e9es est effectu\u00e9 \u00e0 l\u2019aide de proc\u00e9d\u00e9s automatis\u00e9s et lorsque le traitement est fond\u00e9 sur le consentement de l\u2019utilisateur ou sur un contrat conclu entre ce dernier et le responsable du traitement.<\/span><\/h6><p>Dans les m\u00eames conditions et selon les m\u00eames modalit\u00e9s, l\u2019utilisateur a le droit d\u2019obtenir du responsable du traitement que les donn\u00e9es \u00e0 caract\u00e8re personnel le concernant soient transmises directement \u00e0 un autre responsable du traitement de donn\u00e9es \u00e0 caract\u00e8re personnel, pour autant que cela soit techniquement possible.<\/p><p>Le droit \u00e0 la portabilit\u00e9 des donn\u00e9es ne s\u2019applique pas au traitement qui est n\u00e9cessaire \u00e0 l\u2019ex\u00e9cution d\u2019une mission d\u2019int\u00e9r\u00eat public ou relevant de l\u2019exercice de l\u2019autorit\u00e9 publique dont serait investi le responsable du traitement.<\/p><p>\u00a0<\/p><h6><span style=\"text-decoration: underline; color: #dc0044;\"><strong>Destinataires des donn\u00e9es et divulgation \u00e0 des tiers<\/strong><\/span><\/h6><h6><span style=\"font-size: 1rem;\">Les destinataires des donn\u00e9es r\u00e9colt\u00e9es et trait\u00e9es sont, outre le responsable du traitement lui-m\u00eame, ses pr\u00e9pos\u00e9s ou autre sous-traitants, ses partenaires commerciaux s\u00e9lectionn\u00e9s avec soin, situ\u00e9s dans l\u2019union europ\u00e9enne, et qui collaborent avec le responsable du traitement dans le cadre de la commercialisation de produits ou de la fourniture de services.<\/span><\/h6><p>Dans l\u2019hypoth\u00e8se ou les donn\u00e9es seraient divulgu\u00e9es \u00e0 des tiers \u00e0 des fins de marketing direct ou de prospection commerciale, l\u2019utilisateur en sera pr\u00e9alablement inform\u00e9 de mani\u00e8re \u00e0 pouvoir choisir d\u2019accepter le transfert de ses donn\u00e9es \u00e0 des tiers.<\/p><p>D\u00e8s lors que ce transfert est bas\u00e9 sur le consentement de l\u2019utilisateur, celui-ci peut, \u00e0 tout moment, retirer son consentement pour cette finalit\u00e9 pr\u00e9cise.<\/p><p>Le responsable du traitement respecte les dispositions l\u00e9gales et r\u00e9glementaires en vigueur et veillera dans tous les cas \u00e0 ce que ses partenaires, pr\u00e9pos\u00e9s, sous-traitants ou autres tiers ayant acc\u00e8s \u00e0 ces donn\u00e9es \u00e0 caract\u00e8re personnel respectent la pr\u00e9sente politique.<\/p><p>Le responsable de traitement divulgue les donn\u00e9es \u00e0 caract\u00e8re personnel de l\u2019utilisateur dans l\u2019hypoth\u00e8se o\u00f9 une loi, une proc\u00e9dure judiciaire ou un ordre d\u2019une autorit\u00e9 publique rendrait cette divulgation n\u00e9cessaire.<\/p><p>Aucun transfert de donn\u00e9es \u00e0 caract\u00e8re personnel hors de l\u2019union europ\u00e9enne n\u2019est effectu\u00e9 par le responsable du traitement.<\/p><p>\u00a0<\/p><h6><span style=\"text-decoration: underline; color: #dc0044;\"><strong>S\u00e9curit\u00e9<\/strong><\/span><\/h6><h6><span style=\"font-size: 1rem;\">Le responsable du traitement met en \u0153uvre les mesures techniques et organisationnelles appropri\u00e9es afin de garantir un niveau de s\u00e9curit\u00e9 du traitement et des donn\u00e9es r\u00e9colt\u00e9es au regard des risques pr\u00e9sent\u00e9s par le traitement et de la nature des donn\u00e9es \u00e0 prot\u00e9ger adapt\u00e9 au risque. Il tient compte de l\u2019\u00e9tat des connaissances, des co\u00fbts de mise en \u0153uvre et de la nature, de la port\u00e9e, du contexte et des finalit\u00e9s du traitement ainsi que des risques pour les droits et libert\u00e9s des utilisateurs.<\/span><\/h6><p>Le responsable du traitement utilise toujours les technologies de cryptage qui sont reconnues comme les standards industriels au sein du secteur IT quand il transfert ou re\u00e7oit les donn\u00e9es sur le site web.<\/p><p>Le responsable du traitement a mis en place des mesures de s\u00e9curit\u00e9 appropri\u00e9es pour prot\u00e9ger et \u00e9viter la perte, l\u2019usage abusif ou l\u2019alt\u00e9ration des informations re\u00e7ues sur le site web.<\/p><p>Dans le cas o\u00f9 les donn\u00e9es \u00e0 caract\u00e8re personnel que le responsable de traitement contr\u00f4le devraient \u00eatre compromises, il agira rapidement afin d\u2019identifier la cause de cette violation et prendre les mesures de rem\u00e9diation ad\u00e9quates.<\/p><p>Le responsable de traitement informe l\u2019utilisateur de cet incident si la loi l\u2019y oblige.<\/p><p>\u00a0<\/p><h6><span style=\"text-decoration: underline; color: #dc0044;\"><strong>R\u00e9clamation et plainte<\/strong><\/span><\/h6><h6><span style=\"font-size: 1rem;\">Si l\u2019utilisateur souhaite r\u00e9agir \u00e0 l\u2019une des pratiques d\u00e9crites dans la pr\u00e9sente politique, il est conseill\u00e9 de contacter directement le responsable de traitement.<\/span><\/h6><p>L\u2019utilisateur peut \u00e9galement introduire une r\u00e9clamation aupr\u00e8s de son autorit\u00e9 nationale de contr\u00f4le dont les coordonn\u00e9es sont reprises sur le site officiel de la commission europ\u00e9enne : http:\/\/ec.europa.eu\/newsroom\/article29\/item-detail.cfm?item_id=612080.<\/p><p>En outre, l\u2019utilisateur a la possibilit\u00e9 de porter plainte devant les juridictions nationales comp\u00e9tentes.<\/p><p>\u00a0<\/p><h6><span style=\"text-decoration: underline;\"><span style=\"color: #dc0044; text-decoration: underline;\"><strong>Donn\u00e9es de contact<\/strong><\/span><\/span><\/h6><h6><span style=\"font-size: 1rem;\">Pour toute question et\/ou r\u00e9clamation relative \u00e0 la pr\u00e9sente politique, l\u2019utilisateur peut contacter le responsable du traitement :<\/span><span style=\"font-size: 14px;\">\u00a0<\/span><\/h6><ul><li>E mail : contact@barestho.com<\/li><li>Courrier : Rue Albert Libiez, 59 \u00e0 7340 P\u00e2turages<\/li><\/ul><div>\u00a0<\/div><div>\u00a0<\/div><h6><span style=\"text-decoration: underline; color: #dc0044;\"><strong>Modification<\/strong><\/span><\/h6><h6><span style=\"font-size: 1rem;\">Le responsable du traitement se r\u00e9serve le droit de modifier \u00e0 tout moment les dispositions de la pr\u00e9sente politique. Les modifications seront publi\u00e9es directement sur le site web du responsable de traitement.<\/span><\/h6><h6><span style=\"font-size: 1rem;\">\u00a0<\/span><\/h6><h6><span style=\"text-decoration: underline;\"><span style=\"color: #dc0044; text-decoration: underline;\"><strong>Droit applicable et juridiction comp\u00e9tente<\/strong><\/span><\/span><\/h6><h6><span style=\"font-size: 1rem;\">La pr\u00e9sente politique est r\u00e9gie par le droit national du lieu d\u2019\u00e9tablissement principal du responsable du traitement.<\/span><\/h6><p>Tout litige relatif \u00e0 l\u2019interpr\u00e9tation ou l\u2019ex\u00e9cution de la pr\u00e9sente politique sera soumis aux juridictions de ce droit national.<\/p><p>La pr\u00e9sente version de la politique date du premier d\u00e9cembre 2019.<\/p>\t\t\t\t\t\t\t\t<\/div>\n\t\t\t\t<div class=\"elementor-element elementor-element-f9e346c elementor-widget elementor-widget-heading\" data-id=\"f9e346c\" data-element_type=\"widget\" data-e-type=\"widget\" data-widget_type=\"heading.default\">\n\t\t\t\t\t<h2 class=\"elementor-heading-title elementor-size-default\">Politique de confidentialit\u00e9 pour la r\u00e9servation en ligne<\/h2>\t\t\t\t<\/div>\n\t\t\t\t<div class=\"elementor-element elementor-element-a80b123 elementor-widget elementor-widget-text-editor\" data-id=\"a80b123\" data-element_type=\"widget\" data-e-type=\"widget\" data-widget_type=\"text-editor.default\">\n\t\t\t\t\t\t\t\t\t<p class=\"p1\"><span style=\"text-decoration: underline;\"><span style=\"color: #dc0044;\"><b>Donn\u00e9es trait\u00e9es<\/b><\/span><\/span><\/p>\n<p class=\"p1\">Cat\u00e9gories de donn\u00e9es trait\u00e9es:<\/p>\n<ul class=\"ul1\">\n<li class=\"li1\">Voornaam<\/li>\n<li class=\"li1\">Naam<\/li>\n<li class=\"li1\">T\u00e9l\u00e9phone<\/li>\n<li class=\"li1\">E-mail<\/li>\n<\/ul>\n<p class=\"p3\">\n<\/p><p class=\"p1\">Sources des donn\u00e9es<\/p>\n<p class=\"p1\">Les donn\u00e9es sont issues de l\u2019introduction d\u2019une nouvelle r\u00e9servation par l\u2019utilisateur.<\/p>\n<p class=\"p1\">Caract\u00e8re obligatoire du recueil des donn\u00e9es<\/p>\n<p class=\"p1\">Dans le but de traiter correctement votre r\u00e9servation, l\u2019introduction de vos donn\u00e9es s\u2019av\u00e8re obligatoire.<\/p>\n<p class=\"p1\">Utilisation de vos donn\u00e9es:<\/p>\n<p class=\"p1\">Notifications en lien avec votre r\u00e9servation par e-mail et\/ou SMS. Apr\u00e8s votre visite et moyennant votre inscription \u00e0 notre newsletter, votre adresse e-mail et\/ou votre num\u00e9ro de t\u00e9l\u00e9phone pourraient \u00eatre utilis\u00e9s afin de vous informer sur nos activit\u00e9s, promotions ou \u00e9v\u00e8nements.<\/p><p class=\"p1\"><br><\/p>\n<p class=\"p1\">\n<\/p><p class=\"p1\"><span style=\"text-decoration: underline;\"><span style=\"color: #dc0044;\"><b>Dur\u00e9e de conservation de vos donn\u00e9es<\/b><\/span><\/span><\/p>\n<p class=\"p1\">Les donn\u00e9es sont conserv\u00e9es jusqu\u2019\u00e0 un jour apr\u00e8s la r\u00e9servation. Si vous souhaitez \u00eatre tenu inform\u00e9 des nouveaut\u00e9s et \u00e9v\u00e9nements du restaurant, alors&nbsp;Feeling Food&nbsp;conserve vos donn\u00e9es tant que la personne concern\u00e9e ne se d\u00e9sinscrit pas en contactant le restaurant comme renseign\u00e9 dans la partie \u00ab exercer ses droits \u00bb.<\/p><p class=\"p1\"><br><\/p>\n<p class=\"p1\">\n<\/p><p class=\"p1\"><span style=\"text-decoration: underline;\"><span style=\"color: #dc0044;\"><b>Vos droits<\/b><\/span><\/span><\/p>\n<p class=\"p1\">Droit de consulter, de rectifier ou de supprimer vos donn\u00e9es \u00e0 caract\u00e8re personnel. Droit de vous opposer \u00e0 l\u2019utilisation de vos donn\u00e9es \u00e0 caract\u00e8re personnel afin de recevoir des informations concernant les nouveaut\u00e9s et les \u00e9v\u00e9nements du restaurant. Droit de r\u00e9voquer une autorisation pr\u00e9c\u00e9demment donn\u00e9e pour le traitement de vos donn\u00e9es \u00e0 caract\u00e8re personnel.<\/p>\n<p class=\"p1\"><a href=\"mailto:contact@barestho.com\">En cas de probl\u00e8me, veuillez contacter Barestho par e-mail:&nbsp;<\/a>contact@barestho.com<\/p>\n<p class=\"p1\">Nous serons \u00e0 votre \u00e9coute et nous trouverons une solution pour r\u00e9tablir vos droits.<\/p>\n<p class=\"p1\">L\u2019introduction d\u2019une plainte se fait \u00e0 l\u2019adresse suivante:<\/p>\n<ul class=\"ul1\">\n<li class=\"li1\">Autorit\u00e9 de Protection des Donn\u00e9es<\/li>\n<li class=\"li1\">Rue de la Presse 35, 1000 Bruxelles<\/li>\n<li class=\"li1\">T\u00e9l.&nbsp;+ 32 2 274 48 00<\/li>\n<li class=\"li1\">Fax.&nbsp;+ 32 2 274 48 35<\/li>\n<li class=\"li1\">E-mail:&nbsp;<a href=\"mailto:contact@apd-gba.be\">contact@apd-gba.be<\/a><\/li>\n<\/ul><div><br><\/div>\n<p class=\"p3\">\n<\/p><p class=\"p1\"><span style=\"text-decoration: underline;\"><span style=\"color: #dc0044;\"><b>Exercer ses droits<\/b><\/span><\/span><\/p>\n<p class=\"p1\">Si vous souhaitez exercer vos droits, vous pouvez le faire en prenant contact avec le restaurant. Un d\u00e9lai l\u00e9gal de 30 jours calendrier pourrait \u00eatre n\u00e9cessaire au bon traitement.<\/p>\n<section class=\"rules__section\">\n<div class=\"wrapper\">&nbsp;<\/div>\n<\/section>\t\t\t\t\t\t\t\t<\/div>\n\t\t\t\t\t<\/div>\n\t\t\t\t<\/div>\n\t\t\t\t<\/div>","protected":false},"excerpt":{"rendered":"<p>Politique de confidentialit\u00e9 Objet La pr\u00e9sente politique est \u00e9tablie par Barestho SRL situ\u00e9e Avenue de la Bourgogne, 96 \u00e0 7700 Mouscron, reprise sous le num\u00e9ro d\u2019inscription 0740.454.745 (ci-apr\u00e8s d\u00e9nomm\u00e9e \u00ab le responsable du traitement). L\u2019objet de la pr\u00e9sente politique est d\u2019informer les visiteurs du site web h\u00e9berg\u00e9 \u00e0 l\u2019adresse www.barestho.com (ci-apr\u00e8s d\u00e9nomm\u00e9 le \u00ab site [&hellip;]<\/p>\n","protected":false},"author":1,"featured_media":0,"parent":0,"menu_order":0,"comment_status":"closed","ping_status":"closed","template":"","meta":{"footnotes":""},"class_list":["post-3677","page","type-page","status-publish","hentry"],"_links":{"self":[{"href":"https:\/\/pro.barestho.com\/nl\/wp-json\/wp\/v2\/pages\/3677","targetHints":{"allow":["GET"]}}],"collection":[{"href":"https:\/\/pro.barestho.com\/nl\/wp-json\/wp\/v2\/pages"}],"about":[{"href":"https:\/\/pro.barestho.com\/nl\/wp-json\/wp\/v2\/types\/page"}],"author":[{"embeddable":true,"href":"https:\/\/pro.barestho.com\/nl\/wp-json\/wp\/v2\/users\/1"}],"replies":[{"embeddable":true,"href":"https:\/\/pro.barestho.com\/nl\/wp-json\/wp\/v2\/comments?post=3677"}],"version-history":[{"count":40,"href":"https:\/\/pro.barestho.com\/nl\/wp-json\/wp\/v2\/pages\/3677\/revisions"}],"predecessor-version":[{"id":4172,"href":"https:\/\/pro.barestho.com\/nl\/wp-json\/wp\/v2\/pages\/3677\/revisions\/4172"}],"wp:attachment":[{"href":"https:\/\/pro.barestho.com\/nl\/wp-json\/wp\/v2\/media?parent=3677"}],"curies":[{"name":"wp","href":"https:\/\/api.w.org\/{rel}","templated":true}]}}